{"id":24884,"date":"2025-01-21T13:16:16","date_gmt":"2025-01-21T12:16:16","guid":{"rendered":"https:\/\/wp.cbm-homes.com\/property\/villa-caprichosa\/"},"modified":"2025-10-13T16:19:05","modified_gmt":"2025-10-13T15:19:05","slug":"villa-caprichosa","status":"publish","type":"property","link":"https:\/\/cbm-homes.com\/sv\/property\/villa-caprichosa\/","title":{"rendered":"Lyxvilla &#8220;Caprichosa&#8221;"},"content":{"rendered":"\n<p>Vi presenterar denna spektakul\u00e4ra moderna lyxvilla, bel\u00e4gen i det prestigefyllda omr\u00e5det La Zenia, i Orihuela Costa, bara 750 meter fr\u00e5n de paradisiska str\u00e4nderna Cala Capit\u00e1n och Cala de la Caleta. Med en tomt p\u00e5 671 m\u00b2 och en bostadsyta p\u00e5 375 m\u00b2, har denna villa designats f\u00f6r att erbjuda maximal komfort och sofistikering. F\u00f6rdelad p\u00e5 tv\u00e5 v\u00e5ningar plus en k\u00e4llare, har den 5 rymliga sovrum och 5 eleganta badrum, vilket g\u00f6r den perfekt f\u00f6r b\u00e5de familjeliv och att ta emot g\u00e4ster. Dess avantgardistiska design och f\u00f6rstklassiga l\u00e4ge g\u00f6r denna villa till en unik m\u00f6jlighet p\u00e5 fastighetsmarknaden p\u00e5 Costa Blanca. Villan levereras i &#8220;nyckelf\u00e4rdigt&#8221; skick, redo att njutas av utan bekymmer. Missa inte denna m\u00f6jlighet \u2013 boka en visning idag och uppt\u00e4ck denna arkitektoniska p\u00e4rla i en av Medelhavets b\u00e4sta omr\u00e5den!    <\/p>\n\n<p><\/p>\n","protected":false},"excerpt":{"rendered":"<p>Vi presenterar denna spektakul\u00e4ra moderna lyxvilla, bel\u00e4gen i det prestigefyllda omr\u00e5det La Zenia, i Orihuela Costa, bara 750 meter fr\u00e5n de paradisiska str\u00e4nderna Cala Capit\u00e1n och Cala de la Caleta. Med en tomt p\u00e5 671 m\u00b2 och en bostadsyta p\u00e5 375 m\u00b2, har denna villa designats f\u00f6r att erbjuda maximal komfort och sofistikering. F\u00f6rdelad p\u00e5 [&hellip;]<\/p>\n","protected":false},"author":1,"featured_media":26483,"parent":0,"menu_order":0,"template":"","property_type":[294],"property_status":[281],"property_feature":[271,269,274,270,277,273,288,431,272,279],"property_label":[],"property_state":[280],"property_city":[284],"property_area":[290],"class_list":["post-24884","property","type-property","status-publish","has-post-thumbnail","hentry","property_type-villa-sv","property_status-till-salu","property_feature-centraliserad-luftkonditionering-med-air-zone-och-varmepump","property_feature-efterbehandlingsmaterial-av-mycket-hog-kvalitet","property_feature-fullt-utrustade-badrum-och-toaletter-med-sanitetsarmaturer-mobler-duschvaggar-och-tillbehor","property_feature-fullt-utrustat-kok-och-vitvaror","property_feature-garderober-kladskap-och-trasnickerier","property_feature-infinitypool-med-forinstallerat-varmesystem","property_feature-led-och-lagforbrukande-belysning","property_feature-preinstalacion-de-domotica-sv","property_feature-vattenburen-golvvarme-med-varmepump","property_feature-ventilation-med-dubbla-floden-och-varmeatervinningssystem","property_state-alicante-sv","property_city-orihuela-costa-sv","property_area-la-zenia-sv"],"property_meta":{"houzez_featured_listing_date":[""],"houzez_geolocation_lat":["37.926435994235"],"houzez_geolocation_long":["-0.72466083376783"],"_thumbnail_id":["26483"],"_last_translation_edit_mode":["native-editor"],"_edit_lock":["1760368749:1"],"_edit_last":["1"],"fave_show_price_placeholder":["0"],"fave_energy-class":["A+"],"fave_single_content_area":["global"],"houzez_manual_expire":["0"],"_houzez_expiration_date_status":["saved"],"_wpml_media_duplicate":["1"],"_wpml_media_featured":["1"],"houzez_total_property_views":["498"],"houzez_views_by_date":["a:61:{s:10:\"02-01-2026\";i:4;s:10:\"02-02-2026\";i:2;s:10:\"02-03-2026\";i:1;s:10:\"02-04-2026\";i:1;s:10:\"02-06-2026\";i:1;s:10:\"02-07-2026\";i:1;s:10:\"02-08-2026\";i:5;s:10:\"02-11-2026\";i:1;s:10:\"02-12-2026\";i:2;s:10:\"02-13-2026\";i:3;s:10:\"02-14-2026\";i:3;s:10:\"02-16-2026\";i:1;s:10:\"02-17-2026\";i:3;s:10:\"02-18-2026\";i:3;s:10:\"02-19-2026\";i:2;s:10:\"02-21-2026\";i:2;s:10:\"02-22-2026\";i:1;s:10:\"02-23-2026\";i:1;s:10:\"02-24-2026\";i:1;s:10:\"02-25-2026\";i:1;s:10:\"02-26-2026\";i:3;s:10:\"02-27-2026\";i:1;s:10:\"02-28-2026\";i:3;s:10:\"03-04-2026\";i:1;s:10:\"03-07-2026\";i:2;s:10:\"03-08-2026\";i:1;s:10:\"03-09-2026\";i:4;s:10:\"03-10-2026\";i:3;s:10:\"03-11-2026\";i:3;s:10:\"03-12-2026\";i:2;s:10:\"03-14-2026\";i:2;s:10:\"03-15-2026\";i:2;s:10:\"03-19-2026\";i:1;s:10:\"03-20-2026\";i:4;s:10:\"03-22-2026\";i:1;s:10:\"03-23-2026\";i:1;s:10:\"03-25-2026\";i:1;s:10:\"03-26-2026\";i:2;s:10:\"03-27-2026\";i:5;s:10:\"03-28-2026\";i:1;s:10:\"03-29-2026\";i:2;s:10:\"03-30-2026\";i:2;s:10:\"03-31-2026\";i:5;s:10:\"04-02-2026\";i:1;s:10:\"04-03-2026\";i:2;s:10:\"04-04-2026\";i:1;s:10:\"04-05-2026\";i:2;s:10:\"04-07-2026\";i:1;s:10:\"04-08-2026\";i:1;s:10:\"04-09-2026\";i:2;s:10:\"04-10-2026\";i:2;s:10:\"04-11-2026\";i:3;s:10:\"04-12-2026\";i:1;s:10:\"04-15-2026\";i:3;s:10:\"04-16-2026\";i:1;s:10:\"04-17-2026\";i:2;s:10:\"04-19-2026\";i:1;s:10:\"04-20-2026\";i:1;s:10:\"04-23-2026\";i:1;s:10:\"04-26-2026\";i:1;s:10:\"04-27-2026\";i:1;}"],"houzez_recently_viewed":["2026-04-28 00:51:33"],"fave_plot-size":["671"],"fave_property_price":["1695000"],"fave_property_size":["375"],"fave_property_size_prefix":["m\u00b2"],"fave_property_land":["671"],"fave_property_land_postfix":["m\u00b2"],"fave_property_bedrooms":["4"],"fave_property_bathrooms":["5"],"fave_property_year":["2025"],"fave_property_id":["CAPRICHOSA"],"fave_property_map":["1"],"fave_property_map_address":["La Zenia, Orihuela Costa, Alicante"],"fave_property_location":["37.926435994235,-0.72466083376783,14"],"fave_property_map_street_view":["hide"],"fave_property_address":["La Zenia, Orihuela Costa, Alicante"],"fave_video_url":["https:\/\/www.youtube.com\/watch?v=-lYrgcz3M6k"],"fave_agent_display_option":["agent_info"],"fave_agents":["25356"],"fave_prop_homeslider":["no"],"fave_energy_class":["A+"],"additional_features":["a:12:{i:0;a:2:{s:29:\"fave_additional_feature_title\";s:13:\"Typ av bostad\";s:29:\"fave_additional_feature_value\";s:15:\"Modern lyxvilla\";}i:1;a:2:{s:29:\"fave_additional_feature_title\";s:9:\"Byggstart\";s:29:\"fave_additional_feature_value\";s:4:\"2024\";}i:2;a:2:{s:29:\"fave_additional_feature_title\";s:8:\"Kvalitet\";s:29:\"fave_additional_feature_value\";s:7:\"Premium\";}i:3;a:2:{s:29:\"fave_additional_feature_title\";s:19:\"Avst\u00e5nd till havet\";s:29:\"fave_additional_feature_value\";s:5:\"750 m\";}i:4;a:2:{s:29:\"fave_additional_feature_title\";s:6:\"Utsikt\";s:29:\"fave_additional_feature_value\";s:2:\"Ja\";}i:5;a:2:{s:29:\"fave_additional_feature_title\";s:15:\"Antal v\u00e5ningar\";s:29:\"fave_additional_feature_value\";s:12:\"2 + k\u00e4llare\";}i:6;a:2:{s:29:\"fave_additional_feature_title\";s:6:\"Garage\";s:29:\"fave_additional_feature_value\";s:7:\"2 bilar\";}i:7;a:2:{s:29:\"fave_additional_feature_title\";s:11:\"Simbass\u00e4ng\";s:29:\"fave_additional_feature_value\";s:8:\"5 x 10 m\";}i:8;a:2:{s:29:\"fave_additional_feature_title\";s:18:\"Luftkonditionering\";s:29:\"fave_additional_feature_value\";s:2:\"Ja\";}i:9;a:2:{s:29:\"fave_additional_feature_title\";s:12:\"Uppv\u00e4rmning\";s:29:\"fave_additional_feature_value\";s:2:\"Ja\";}i:10;a:2:{s:29:\"fave_additional_feature_title\";s:11:\"Inflyttning\";s:29:\"fave_additional_feature_value\";s:15:\"\"Nyckelf\u00e4rdig\"\";}i:11;a:2:{s:29:\"fave_additional_feature_title\";s:4:\"Pris\";s:29:\"fave_additional_feature_value\";s:12:\"\u20ac1,695,000\";}}"],"floor_plans":["a:9:{i:0;a:3:{s:15:\"fave_plan_title\";s:4:\"Tomt\";s:15:\"fave_plan_image\";s:62:\"https:\/\/cbm-homes.com\/wp-content\/uploads\/2025\/01\/PARCELA-2.jpg\";s:21:\"fave_plan_description\";s:46:\"K\u00e4llare, bottenv\u00e5ning och \u00f6versta v\u00e5ningen\";}i:1;a:2:{s:15:\"fave_plan_title\";s:13:\"Bottenv\u00e5ning\";s:15:\"fave_plan_image\";s:66:\"https:\/\/cbm-homes.com\/wp-content\/uploads\/2025\/01\/PLANTA-BAJA-3.jpg\";}i:2;a:3:{s:15:\"fave_plan_title\";s:18:\"\u00d6versta v\u00e5ningen\";s:15:\"fave_plan_image\";s:66:\"https:\/\/cbm-homes.com\/wp-content\/uploads\/2025\/01\/PLANTA-ALTA-2.jpg\";s:21:\"fave_plan_description\";s:35:\"S\u00f6dra, norra och v\u00e4stra fasaderna\";}i:3;a:3:{s:15:\"fave_plan_title\";s:3:\"Tak\";s:15:\"fave_plan_image\";s:70:\"https:\/\/cbm-homes.com\/wp-content\/uploads\/2025\/01\/PLANTA-CUBIERTA-1.jpg\";s:21:\"fave_plan_description\";s:26:\"\u00d6stra fasaden och sektion\";}i:4;a:2:{s:15:\"fave_plan_title\";s:8:\"K\u00e4llare\";s:15:\"fave_plan_image\";s:68:\"https:\/\/cbm-homes.com\/wp-content\/uploads\/2025\/01\/PLANTA-SOTANO-2.jpg\";}i:5;a:2:{s:15:\"fave_plan_title\";s:14:\"\u00d6stra fasaden\";s:15:\"fave_plan_image\";s:67:\"https:\/\/cbm-homes.com\/wp-content\/uploads\/2025\/01\/FACHADA-ESTE-2.jpg\";}i:6;a:2:{s:15:\"fave_plan_title\";s:15:\"V\u00e4stra fasaden\";s:15:\"fave_plan_image\";s:68:\"https:\/\/cbm-homes.com\/wp-content\/uploads\/2025\/01\/FACHADA-OESTE-2.jpg\";}i:7;a:2:{s:15:\"fave_plan_title\";s:13:\"Norra fasaden\";s:15:\"fave_plan_image\";s:68:\"https:\/\/cbm-homes.com\/wp-content\/uploads\/2025\/01\/FACHADA-NORTE-2.jpg\";}i:8;a:2:{s:15:\"fave_plan_title\";s:14:\"S\u00f6dra fasaden\";s:15:\"fave_plan_image\";s:66:\"https:\/\/cbm-homes.com\/wp-content\/uploads\/2025\/01\/FACHADA-SUR-2.jpg\";}}"],"fave_property_images":["23657","23660","23663","23666","23669","23672","23675","23678","23681","23684","23687","23690","23693","23696","23699","23702","23705","23708","23711","23714","23717","23720","23723","23726","23729","23732","23735","23738"],"fave_attachments":["23786","23789","23792","23795","23798","23801"],"fave_featured":["0"],"fave_single_top_area":["global"]},"_links":{"self":[{"href":"https:\/\/cbm-homes.com\/sv\/wp-json\/wp\/v2\/properties\/24884","targetHints":{"allow":["GET"]}}],"collection":[{"href":"https:\/\/cbm-homes.com\/sv\/wp-json\/wp\/v2\/properties"}],"about":[{"href":"https:\/\/cbm-homes.com\/sv\/wp-json\/wp\/v2\/types\/property"}],"author":[{"embeddable":true,"href":"https:\/\/cbm-homes.com\/sv\/wp-json\/wp\/v2\/users\/1"}],"version-history":[{"count":0,"href":"https:\/\/cbm-homes.com\/sv\/wp-json\/wp\/v2\/properties\/24884\/revisions"}],"wp:featuredmedia":[{"embeddable":true,"href":"https:\/\/cbm-homes.com\/sv\/wp-json\/wp\/v2\/media\/26483"}],"wp:attachment":[{"href":"https:\/\/cbm-homes.com\/sv\/wp-json\/wp\/v2\/media?parent=24884"}],"wp:term":[{"taxonomy":"property_type","embeddable":true,"href":"https:\/\/cbm-homes.com\/sv\/wp-json\/wp\/v2\/property_type?post=24884"},{"taxonomy":"property_status","embeddable":true,"href":"https:\/\/cbm-homes.com\/sv\/wp-json\/wp\/v2\/property_status?post=24884"},{"taxonomy":"property_feature","embeddable":true,"href":"https:\/\/cbm-homes.com\/sv\/wp-json\/wp\/v2\/property_feature?post=24884"},{"taxonomy":"property_label","embeddable":true,"href":"https:\/\/cbm-homes.com\/sv\/wp-json\/wp\/v2\/property_label?post=24884"},{"taxonomy":"property_state","embeddable":true,"href":"https:\/\/cbm-homes.com\/sv\/wp-json\/wp\/v2\/property_state?post=24884"},{"taxonomy":"property_city","embeddable":true,"href":"https:\/\/cbm-homes.com\/sv\/wp-json\/wp\/v2\/property_city?post=24884"},{"taxonomy":"property_area","embeddable":true,"href":"https:\/\/cbm-homes.com\/sv\/wp-json\/wp\/v2\/property_area?post=24884"}],"curies":[{"name":"wp","href":"https:\/\/api.w.org\/{rel}","templated":true}]}}